{"id":721,"date":"2014-09-17T10:12:49","date_gmt":"2014-09-17T10:12:49","guid":{"rendered":"http:\/\/www.auroratrezzo.it\/wordpress\/?page_id=721"},"modified":"2014-09-17T10:12:49","modified_gmt":"2014-09-17T10:12:49","slug":"pot-menga-das","status":"publish","type":"page","link":"https:\/\/www.auroratrezzo.it\/wordpress\/pot-menga-das\/","title":{"rendered":"P\u00d6T MENGA DAS"},"content":{"rendered":"<p>Questa l\u2019\u00e8 una storia incuminciada bee quasi quarant\u2019an fa e finida maa quest\u2019an.<\/p>\n<p>L\u2019\u00e8 incuminciada a met\u00e0 di anni 60 in un cunt\u00e8st ( sa dis insc\u00e9) un p\u00f4 special, in dal senso che la Gesa di Tr\u00e8s da an e an,\u00a0 l\u2019era \u201cguvernada\u201d da un laico (un p\u00e0 da fameglia insuma) ch\u2019al gh\u2019era s\u00e9 la piena fid\u00fccia dal Prevost, ma menga quela di oltar pret, specialment da quei che da manima sa sucedivan a l\u2019Uratori.<\/p>\n<p>V\u2019\u00fcna di cunseguens da \u201cl\u2019anomalia\u201d l\u2019era staa al svuiament da l\u2019Uratori st\u00e8s. Va che in dal 64 o 65 era rivaa a Tr\u00e8s un pretin n\u00f6f da paca, ch\u2019al sa ciamava dun Giuan.<\/p>\n<p>L\u00fc, inveci da fa cum&#8217;\u00e8 i so predecessori e ciu\u00e8 sit\u00e0s gi\u00f4 disperaa a spici\u00e0 che cambi\u00e8san i ropp, l\u2019era tac\u00e0 a tra cad\u00e8n, anca se s\u00e8mpar rispetandu la r\u00e8gula da l\u2019\u00fcbidi\u00e8nsa ( e s\u2019al disi l\u2019\u00e8 perch\u00e8 al s\u00f4) al Prevost.<\/p>\n<p>S\u00fcbit l\u2019era cre\u00e0 una Suciet\u00e0 Spurtiva:L\u2019Aurora Calcio.<\/p>\n<p>Sa dumandarii perch\u00e8 l\u2019era menga ciamada Virtus d\u2019oratoriana memoria. Semplice: perch\u00e8 la Virtus la gh\u2019era am\u00f2, o giam\u00f2, ma l\u2019era diventada una Suciet\u00e0 Ciclistica che con l\u2019Uratori la gh\u2019era nig\u00f4t a che vad\u00e8.<\/p>\n<p>Beh, l\u2019an adree (1966) a l\u2019Uratori s\u2019eri riv\u00e0 anca me ca gh\u2019eri dal temp libar da dedic\u00e0\u00a0 a la Suciet\u00e0 in senso lato, s\u00f4 l\u2019es\u00e8mpi da tanti amis (per es\u00e8mpi Mariu Fi\u00e8l) impegn\u00e0 chi in pulitica, chi in da l\u2019Avis, chi in la Banda e via discurendu.<\/p>\n<p>Eri sent\u00fc d\u00e9 ca vurivan fa al Basket cum\u2019\u00e8 a l\u2019Uratori di tusan (l\u2019Olimpia da suor Nunciata e dal p\u00f4 Innocenti, mort per incident tornandu de una trasferta) e me eri pensaa:\u201d V\u00f4 l\u00e0 a fa l\u2019aiutante-dirigent\u2026\u201d.<\/p>\n<p>Ma perch\u00e9 propi al Basket? Oh\u00a0 b\u00e8la! Perch\u00e8 quant in di an \u201850 s\u2019eri in di Artigian\u00e8i a Genuva, eri gi\u00fcg\u00e0 3 an alenaa dal famoso Frat\u00e8l Brambila, che tra l\u2019altro a Milaa l\u2019era invi\u00e0 s\u00f6 un certo Carlo Recalcati alenadu da la Naziunal.<\/p>\n<p>P\u00f4 eri vest, s\u00e8mpar in di an 50, tanti partit da l\u2019Ardita Nervi (serie A femm.) e adirit\u00fcra, al Palas da Gi\u00e0sc da Milaa (nat\u00fcralment col gi\u00e0sc quarciaa c\u00f4 i as), una \u201cpartita scudetto\u201d fra l\u2019indimenticabil Borletti (\u201cscarpette rosse\u201d) e la Virtus Bologna, con dent i mitici Rubini, Gamba, Ranucci, Tracuzzi e compagnia b\u00e8la.<\/p>\n<p>A opera finida, dis\u00e8m p\u00fcr che a chi temp l\u00e0, s\u2019eri forsi l\u2019\u00fcnich a Tr\u00e8s che cugnusiva l\u2019articul, tan vera che a l\u2019Uratori maschil, da basket gh\u2019era nig\u00f4t da l\u00e0 da nig\u00f4t e nis\u00fcn s&#8217;era nig\u00f4t.<\/p>\n<p>Insuma bagai, sti atent s\u2019a va disi: me, Romano Tinelli, s\u00e8nsa vur\u00e8l, m\u2019era tuc\u00e0 divent\u00e0 al FONDATORE da l\u2019Aurora Basket Trezzo.<\/p>\n<p>Da cunsegu\u00e8nsa, s\u00e8mpar me da parm\u00e9, m\u2019era tuc\u00e0 interes\u00e0s da fa sfalt\u00e0 al camp (gh\u2019era pens\u00e0 al Cum\u00fcn tramite l\u2019asesur Carl\u00e8tu Castaloo), da ilumin\u00e0l ( Angelo Pum\u00ecn al m\u2019era daa i pai da f\u00e8r), da segn\u00e0l con la vernis (m\u2019 ha l\u2019era traci\u00e0 al geometra Giorgio Cifal\u00f9m), da crump\u00e0 i tute, assolutamente indispensabil gi\u00fcgandu a l\u2019aperto (custavan un \u00f6cc dal c\u00f4 e mi era pagadi Carl\u00e8tu Carera-Fiat), da t\u00f6 i mai bianch e r\u00f4s ( i culu da l\u2019Aurora) p\u00f4 quei da riserva bianch e vert e un para da bal\u00f9m (eri druaa i dan\u00e9 ch\u2019al m\u2019era d\u00e0 B\u00e8rtu Balgius-Vespa); da proc\u00fcr\u00e0 bendi e ingu\u00e9nt ( al m\u2019era fa s\u00f6 un pach\u00e8t al m\u00e8 cuscrin Lamberto spiziee). Al dutur m&#8217;ha la fava al Carminati.<\/p>\n<p>Al President da la Polisportiva (calcio e basket) era cet\u00e0 da fal, anca s\u2019al gh\u2019era giam\u00f2 quasi 60 an, Carl\u00e8tu Fifina (gh\u2019erum bis\u00f4gn d\u2019una fig\u00fcra carismatica e l\u00fc l\u2019era quel che Dio fece). Cum&#8217;e alenadu eri truv\u00e0 Walter Ferrandi, un feree milanes con l\u2019uficina in dal P\u00e9rach\u00a0 (m\u2019era vut\u00e0 a cerc\u00e0l Togn Luca).<\/p>\n<p>L\u2019Uratori da s\u00f2 al gh\u2019era met\u00fc i canestri ( i dan\u00e9 per\u00f2 eran quei persunai da dun Giu\u00e0n, perch\u00e9 la Parocchia, piena da debit fina al cup\u00ecn per via di cambiai da pag\u00e0 per al Bocciodromo apena fa s\u00f4,\u00a0 per L\u2019Uratori l\u2019era un p\u00e8s ca la tirava f\u00f6ra gna un gh\u00e8l).<\/p>\n<p>A sbrig\u00e0 i pratich in Federazium a Milaa andavi a la sira, \u00f4 me daparm\u00e8 \u00f4, quant gh\u2019era gi\u00f4 i nebiuni, in compagnia dal segretari da la Polisportiva\u00a0 Gius\u00e8p Vila ( un Cudernia) \u00f4 da dun Giu\u00e0n.<\/p>\n<p>Da alura, per quasi 20 an, m\u2019ha s&#8217;eri\u00a0 truv\u00e0 dent c\u00f4l c\u00f4 in gi\u00f4 in d\u2019un ingranac ch\u2019al m\u2019era impegn\u00e0 a tal punto da trasc\u00fcr\u00e0 perfina la fameglia ( un erur ch\u2019al p\u00f6t cap\u00e9 dum\u00e8 chi l\u2019ha pruv\u00e0 un\u2019avent\u00fcra del genar).<\/p>\n<p>L\u2019Aurora comunque l&#8217;era cres\u00fcda an con an, fina al punto da f\u00e0 gi\u00fcg\u00e0 in da la st\u00e8sa anada, una dunzena da squadri ( pensii s\u2019al v\u00f6r d\u00e9 urganiz\u00e0\u00a0 per t\u00f6cc d\u00fc alenament a la setimana, pi\u00f9 i partit, pi\u00f9 i trasf\u00e8rt\u2026) con circa 220 tra bagai e tusan.<\/p>\n<p>Perch\u00e8 insc\u00e9 tanti? Perch\u00e8 a parte i \u201cprime squadre\u201d ch\u2019in una r\u00f4ba un p\u00f4 a s\u00e8, erum\u00a0 mai fa la selezi\u00f9m. Mai a nis\u00fcn, fina a quant s&#8217;eri sta me al respunsabil, gh\u2019era staa dii: \u201c Per te al post al gh\u00e8 p\u00f6 perch\u00e9 ta set menga bravu asee \u201c. Mai!<\/p>\n<p>S\u2019erum\u00a0 rivaa in Prumuzi\u00f9m ( che alura l\u2019era la quinta categoria assoluta), sia coi bag\u00e0i che coi tus\u00e0n, incuntrando gi\u00fcgadu dal liv\u00e8l di fratelli Boselli, Borleghi, Vecchiato, che p\u00f4 eran fin\u00ec in Naziunal.<\/p>\n<p>Un nos bagai p\u00f4,\u00a0 Carlo Crespi (un Gepa), l\u2019\u00e8 riv\u00e0 in serie B. Un oltar, Danilo Dorini, l\u2019era and\u00e0 a pret.<\/p>\n<p>A \u201c tempo perso\u201d p\u00f4, erum urganiz\u00e0, per c\u00fcnt da Cum\u00fcn, 8 o 10 edizi\u00f9m dal\u00a0 \u201cTrofeo Comune\u00a0 di Trezzo\u201d da pudismo, con gent cum\u2019\u00e8 l\u2019olimpionico Ambu, Lavelli, Conti.<\/p>\n<p>Per L\u2019Avis erum urganiz\u00e0 a Tr\u00e8s ( s\u00f6l camp da l\u2019Uratori di tus\u00e0n ) un para da partit con squadri da serie A, con campium dal calibro da Isacc, Bovone, Zanatta e la pres\u00e8nsa dal telecronista Aldo Giordani (grazie a Angiul di B\u00f3cc ch\u2019al m\u2019era fa parl\u00e0 ins\u00e8m in da la sede dal Giorno a Milaa).<\/p>\n<p>Con i m\u00e8 amis Simoncelli ( un prufesur da sc\u00f6la f\u00f6ra da l\u2019urdinari) e Giorgio Spotti ( un allievo dal grande Consolini) erum urganiz\u00e0 per un quei an, i \u201cGiochi da la Giovent\u00f9\u201d d\u2019Atletica Leggera.<\/p>\n<p>Me, per gi\u00f4nta, eri trav\u00e0 al temp d\u2019acet\u00e0 da f\u00e0 al \u201cFid\u00fcciari dal Coni\u201d per la nostra Zona.<\/p>\n<p>Per an e an eri culabur\u00e0 custantement coi Asesur a lo Sport Runcall, Scott e Zerbi ( eran v\u2019\u00fcn m\u00e8i da l\u2019oltar!), per fa s\u00f6 una palestra a Tr\u00e8s e quant\u00a0 finalment l\u2019era rivada, me, ca na pudivi p\u00f6 perch\u00e9 s\u2019eri cot e stracot, eri di: \u201cbasta!\u201d e eri pas\u00e0 la maa.<\/p>\n<p>Eri las\u00e0 comunque in Suciet\u00e0 al m\u00e8 prem (Alberto) cum\u2019\u00e8 istr\u00fctur da minibasket e al m\u00e8 segunt (Carlo) che da l\u00e9 a un p\u00f4, nel torneo \u201cdal ventennale\u201d con squadri Cadetti da Serie A e B, l\u2019era sta premi\u00e0 cum\u2019\u00e8 miglior giugadu da l\u2019Aurora.<\/p>\n<p>Quest \u2018an inveci, dopu quasi 40 ann, l\u2019Aurora la s\u2019\u00e8 desfada per mancanza da ricambio dirigenziale.<\/p>\n<p>Ma dispias per me e per\u00a0 un sach da gent che in tanti an s\u2019in sacrific\u00e0 per m\u00e8t a dispusizium da la giuvent\u00fc da Tr\u00e8s ( bag\u00e0i l\u2019\u00e8 menga retorica) un servesi impurtant cuma l\u2019\u00e8 al Sport. Sacrafesi veri ( perfina s\u00e8nsa rimborso spese gna per la benzina!), s\u00e8mpar in da l\u2019\u00f4mbra, s\u00e8nsa ricunusciment se non (impurtantisim!) quel di bag\u00e0i e di so genitur, ch\u2019eran capii ( chi prima, chi dopu) al perch\u00e9 gh\u2019era l\u2019Aurora Basket Trezzo. Mai cum\u2019\u00e8 ad\u00e8s, (un mument insce br\u00f6t menga apena spurtivament) m&#8217;ha ve in ment dirigent, sponsor, alenadu, giugadu, specialment quei ca gh\u2019in giam\u00f2 p\u00f6. Quanti an\u2026quanti batagli\u2026quanti ricordi.<\/p>\n<p>Me comunque ga speri s\u00e8mpar. Me ca s\u00f4 un \u201csognatore\u201d da nat\u00fcra, s&#8217;insugni che quei bag\u00e0i o tusa ( (magari un grup\u00e8t\u2026) ch\u2019 han giug\u00e0 in da l\u2019Aurora e che ad\u00e8s in p\u00e0 e man, a pr\u00f4van a vad\u00e8 sa sa p\u00f6t fa varg\u00f4t. Almenu pru\u00e0, \u00e8cu.<\/p>\n<p>Ciau t\u00f6cc.<\/p>\n<p>&nbsp;<\/p>\n<p>PS = Grazie al ciel, l\u2019ap\u00e8llo l\u2019era sta scult\u00e0 s\u00fcbit e inc\u00f6 (2008) l\u2019Aurora la gh\u2019\u00e8 am\u00f2 e l\u2019\u00e8 s\u00f6 la strada gi\u00f6sta per divent\u00e0 b\u00e8la, granda e per t\u00f6cc. C\u00f4i ideai ca disivi e disi m\u00e9. Bravi!!!<\/p>\n","protected":false},"excerpt":{"rendered":"<p>Questa l\u2019\u00e8 una storia incuminciada bee quasi quarant\u2019an fa e finida maa quest\u2019an. L\u2019\u00e8 incuminciada a met\u00e0 di anni 60 in un cunt\u00e8st ( sa dis insc\u00e9) un p\u00f4 special, in dal senso che la Gesa di Tr\u00e8s da an e an,\u00a0 l\u2019era \u201cguvernada\u201d da un laico (un p\u00e0 da fameglia insuma) ch\u2019al gh\u2019era s\u00e9 [&hellip;]<\/p>\n","protected":false},"author":1,"featured_media":0,"parent":0,"menu_order":0,"comment_status":"closed","ping_status":"open","template":"","meta":{"_exactmetrics_skip_tracking":false,"_exactmetrics_sitenote_active":false,"_exactmetrics_sitenote_note":"","_exactmetrics_sitenote_category":0,"footnotes":""},"class_list":["post-721","page","type-page","status-publish","hentry"],"_links":{"self":[{"href":"https:\/\/www.auroratrezzo.it\/wordpress\/wp-json\/wp\/v2\/pages\/721","targetHints":{"allow":["GET"]}}],"collection":[{"href":"https:\/\/www.auroratrezzo.it\/wordpress\/wp-json\/wp\/v2\/pages"}],"about":[{"href":"https:\/\/www.auroratrezzo.it\/wordpress\/wp-json\/wp\/v2\/types\/page"}],"author":[{"embeddable":true,"href":"https:\/\/www.auroratrezzo.it\/wordpress\/wp-json\/wp\/v2\/users\/1"}],"replies":[{"embeddable":true,"href":"https:\/\/www.auroratrezzo.it\/wordpress\/wp-json\/wp\/v2\/comments?post=721"}],"version-history":[{"count":0,"href":"https:\/\/www.auroratrezzo.it\/wordpress\/wp-json\/wp\/v2\/pages\/721\/revisions"}],"wp:attachment":[{"href":"https:\/\/www.auroratrezzo.it\/wordpress\/wp-json\/wp\/v2\/media?parent=721"}],"curies":[{"name":"wp","href":"https:\/\/api.w.org\/{rel}","templated":true}]}}